{"id":1568,"date":"2019-01-23T19:20:10","date_gmt":"2019-01-23T17:20:10","guid":{"rendered":"http:\/\/abendgymnasium-braunschweig.de\/?page_id=1568"},"modified":"2023-04-13T16:28:49","modified_gmt":"2023-04-13T14:28:49","slug":"datenschutzerklaerung","status":"publish","type":"page","link":"https:\/\/abendgymnasium-braunschweig.de\/?page_id=1568","title":{"rendered":"Datenschutz"},"content":{"rendered":"<h2>I. Name und Anschrift des Verantwortlichen<\/h2>\n<p>Abendgymnasium Braunschweig<br \/>\nWolfenb\u00fctteler Stra\u00dfe 57<br \/>\n38124<br \/>\nBraunschweig<br \/>\nTelefon: 0531-12313920<br \/>\nE-Mail:<br \/>\n<a href=\"mailto:info@bsk-agy.de\">info@bsk-agy.de<\/a><br \/>\nVertretungsberechtigt<br \/>\nCathrin<br \/>\nBaumgarten, Schulleiterin<\/p>\n<h2>II. Name und Anschrift des Datenschutzbeauftragten<\/h2>\n<p>Der Datenschutzbeauftragte des Verantwortlichen ist:<br \/>\nJ\u00f6rg<br \/>\nWeidenm\u00fcller<br \/>\nTelefon: 0531-12313920<br \/>\nE-Mail: <a href=\"mailto:info@bsk-agy.de\">info@bsk-agy.de<\/a><\/p>\n<h2>III. Bereitstellung der Website und Erstellung von Logfiles<\/h2>\n<p>Bei jedem Aufruf unserer Internetseite erfasst unser System<br \/>\nautomatisiert Daten und Informationen vom Computersystem des<br \/>\naufrufenden Rechners. Folgende Daten werden hierbei erhoben:<br \/>\n1.<br \/>\nDatum und Uhrzeit des Zugriffes<br \/>\n2. Die IP-Adresse des Nutzers<br \/>\n3.<br \/>\nDie Betriebssystemversion des Nutzers<br \/>\n4. Die Browsertyp des<br \/>\nNutzers<br \/>\n5. Die vom Nutzer aufgerufene Seite<\/p>\n<p>Die Daten werden in den Logfiles unseres Systems gespeichert. Eine<br \/>\nSpeicherung dieser Daten zusammen mit anderen personenbezogenen Daten<br \/>\ndes Nutzers findet nicht statt. Zweck der Datenspeicherung ist die<br \/>\ntechnische Optimierung unserer Internetseite. Rechtsgrundlage f\u00fcr<br \/>\ndie vor\u00fcbergehende Speicherung der Daten ist Art. 6 Abs.1 lit.f<br \/>\nDSGVO.<br \/>\nDie Daten werden f\u00fcr zwei Monate gespeichert, sie werden<br \/>\nlediglich statistisch ausgewertet.<\/p>\n<h2>IV. Verwendung von Cookies<\/h2>\n<p>Beim Aufruf unserer Seiten wird ein Session-Cookie gesetzt, das<br \/>\ndie Identit\u00e4t der Browser-Sitzung auf Ihrem Rechner festh\u00e4lt und<br \/>\nnach Ende der Browser-Sitzung wieder von Ihrem Rechner gel\u00f6scht<br \/>\nwird. Ein Cookie ist eine kleine Textdatei, die von Ihrem Browser auf<br \/>\nIhrem Rechner gespeichert wird. Die Verwendung des Session-Cookies<br \/>\nerfolgt aus technischen Gr\u00fcnden und dient der Optimierung der<br \/>\nDarstellung unserer Seiten in Ihrem Browser. Diese Information steht<br \/>\nin sp\u00e4teren Browser-Sitzungen nicht mehr zur Verf\u00fcgung.<br \/>\nDie<br \/>\ndurch diese Cookies verarbeiteten Daten sind f\u00fcr die genannten<br \/>\nZwecke zur Wahrung unserer berechtigten Interessen nach Art. 6 Abs. 1<br \/>\nS. 1 lit. f DSGVO erforderlich. Diese bestehen in einer technischen<br \/>\nOptimierung der Bereitstellung unserer Internetseite.<br \/>\nEs besteht<br \/>\ndie M\u00f6glichkeit, den Browser so einzustellen, dass keine Cookies<br \/>\ngespeichert werden. In diesem Fall besteht allerdings die<br \/>\nM\u00f6glichkeit, dass Sie nicht den vollen Funktionsumfang unserer<br \/>\nInternetseiten nutzen k\u00f6nnen.<\/p>\n<h2>V. Speicherung personenbezogener Daten bei Kontaktaufnahme<\/h2>\n<p>Sofern Sie per E-Mail den Kontakt mit uns aufnehmen, werden die<br \/>\nvon Ihnen \u00fcbermittelten personenbezogenen Daten automatisch<br \/>\ngespeichert. Diese Daten werden f\u00fcr Zwecke der Bearbeitung Ihres<br \/>\nAnliegens und der Kontaktaufnahme mit Ihnen gespeichert.<br \/>\nWenn<br \/>\nSie Gebrauch von unserem Kontaktformular machen, werden die folgenden<br \/>\npersonenbezogenen Daten von Ihnen gespeichert: Ihr Name, Ihre<br \/>\nAnschrift, Ihre E-Mail-Adresse.<br \/>\nDie L\u00f6schung der Daten erfolgt,<br \/>\nsobald deren Speicherung f\u00fcr die Bearbeitung Ihres Anliegens nicht<br \/>\nmehr erforderlich ist.<\/p>\n<h2>VI. Betroffenenrechte<\/h2>\n<p>Sie k\u00f6nnen folgende Rechte geltend machen:<br \/>\n<strong>Auskunft\/<br \/>\nAkteneinsicht<\/strong><br \/>\nGem. Art. 15 DSGVO haben Sie das Recht,<br \/>\nAuskunft bzw. Akteneinsicht \u00fcber die von uns verarbeiteten<br \/>\npersonenbezogenen Daten zu erhalten.<br \/>\n<strong>Berichtigung<\/strong><br \/>\nSind<br \/>\nbei uns gespeicherte personenbezogene Daten unrichtig oder<br \/>\nunvollst\u00e4ndig, haben Sie gem. Art. 16 DSGVO das Recht, diese<br \/>\nberichtigen bzw. vervollst\u00e4ndigen zu lassen.<br \/>\n<strong>L\u00f6schung<\/strong><br \/>\nArt.<br \/>\n17 DSGVO normiert das Recht auf L\u00f6schung personenbezogener Daten.<br \/>\nDieses Recht steht Ihnen insbesondere dann zu, wenn die Speicherung<br \/>\nder personenbezogenen Daten zur Erf\u00fcllung unserer gesetzlichen<br \/>\nAufgaben nicht mehr erforderlich ist oder Sie Ihre Einwilligung zur<br \/>\nDatenverarbeitung mit Wirkung f\u00fcr die Zukunft widerrufen<br \/>\nhaben.<br \/>\n<strong>Einschr\u00e4nkung der Verarbeitung<\/strong><br \/>\nGem. Art. 18<br \/>\nDSGVO k\u00f6nnen Sie die Einschr\u00e4nkung der personenbezogenen Daten<br \/>\nverlangen, wenn<br \/>\n&#8211; die Richtigkeit der Daten von Ihnen bestritten<br \/>\nwird<br \/>\n&#8211; die Verarbeitung unrechtm\u00e4\u00dfig ist, Sie aber deren<br \/>\nL\u00f6schung ablehnen<br \/>\n&#8211; wir die Daten nicht mehr ben\u00f6tigen, Sie<br \/>\njedoch diese zur Geltendmachung, Aus\u00fcbung oder Verteidigung von<br \/>\nRechtsanspr\u00fcchen ben\u00f6tigen<br \/>\n&#8211; oder Sie gem\u00e4\u00df Art. 21 DSGVO<br \/>\nWiderspruch gegen die Verarbeitung eingelegt haben.<br \/>\n<strong>Widerspruch<\/strong><br \/>\nSie<br \/>\nk\u00f6nnen bei Gr\u00fcnden, die sich aus Ihrer besonderen Situation<br \/>\nergeben, ein Widerspruchsrecht geltend machen. Gem. Art. 21 DSGVO ist<br \/>\njedoch zu ber\u00fccksichtigten, ob schutzw\u00fcrdige Gr\u00fcnde f\u00fcr die<br \/>\nVerarbeitung vorliegen oder die Verarbeitung der Geltendmachung,<br \/>\nAus\u00fcbung oder Verteidigung von Rechtsanspr\u00fcchen<br \/>\ndient.<br \/>\n<strong>Daten\u00fcbertragbarkeit<\/strong><br \/>\nIst die Verarbeitung<br \/>\nIhrer Daten mit Hilfe eines automatisierten Verfahrens erfolgt, haben<br \/>\nSie gem. Art. 20 DSGVO das Recht, die Daten in einem g\u00e4ngigen und<br \/>\nmaschinenlesbaren Format zu erhalten und an eine andere Schule zu<br \/>\n\u00fcbermitteln bzw. durch uns \u00fcbermitteln zu lassen.<br \/>\n<strong>Widerruf<br \/>\nder Einwilligung<\/strong><br \/>\nSie haben gem. Art. 7 Absatz 3 DSGVO das<br \/>\nRecht, uns erteilte Einwilligungen jederzeit mit Wirkung f\u00fcr die<br \/>\nZukunft zu widerrufen.<br \/>\n<strong>Beschwerde<\/strong><br \/>\nArt. 77 DSGVO<br \/>\nnormiert ein Beschwerderecht bei der Aufsichtsbeh\u00f6rde. Die f\u00fcr uns<br \/>\nzust\u00e4ndige Aufsichtsbeh\u00f6rde ist die Landesbeauftragte f\u00fcr den<br \/>\nDatenschutz Niedersachsen, Prinzenstra\u00dfe 5, 30159 Hannover. E-Mail:<br \/>\n<a href=\"mailto:poststelle@lfd.niedersachsen.de\">poststelle@lfd.niedersachsen.de<\/a><\/p>\n","protected":false},"excerpt":{"rendered":"<p>I. Name und Anschrift des Verantwortlichen Abendgymnasium Braunschweig Wolfenb\u00fctteler Stra\u00dfe 57 38124 Braunschweig Telefon: 0531-12313920 E-Mail: info@bsk-agy.de Vertretungsberechtigt Cathrin Baumgarten, Schulleiterin II. Name und Anschrift des Datenschutzbeauftragten Der Datenschutzbeauftragte des Verantwortlichen ist: J\u00f6rg Weidenm\u00fcller Telefon: 0531-12313920 E-Mail: info@bsk-agy.de III. Bereitstellung der Website und Erstellung von Logfiles Bei jedem Aufruf unserer Internetseite erfasst unser System automatisiert [&hellip;]<\/p>\n","protected":false},"author":6,"featured_media":0,"parent":0,"menu_order":0,"comment_status":"closed","ping_status":"closed","template":"","meta":{"footnotes":""},"_links":{"self":[{"href":"https:\/\/abendgymnasium-braunschweig.de\/index.php?rest_route=\/wp\/v2\/pages\/1568"}],"collection":[{"href":"https:\/\/abendgymnasium-braunschweig.de\/index.php?rest_route=\/wp\/v2\/pages"}],"about":[{"href":"https:\/\/abendgymnasium-braunschweig.de\/index.php?rest_route=\/wp\/v2\/types\/page"}],"author":[{"embeddable":true,"href":"https:\/\/abendgymnasium-braunschweig.de\/index.php?rest_route=\/wp\/v2\/users\/6"}],"replies":[{"embeddable":true,"href":"https:\/\/abendgymnasium-braunschweig.de\/index.php?rest_route=%2Fwp%2Fv2%2Fcomments&post=1568"}],"version-history":[{"count":7,"href":"https:\/\/abendgymnasium-braunschweig.de\/index.php?rest_route=\/wp\/v2\/pages\/1568\/revisions"}],"predecessor-version":[{"id":1991,"href":"https:\/\/abendgymnasium-braunschweig.de\/index.php?rest_route=\/wp\/v2\/pages\/1568\/revisions\/1991"}],"wp:attachment":[{"href":"https:\/\/abendgymnasium-braunschweig.de\/index.php?rest_route=%2Fwp%2Fv2%2Fmedia&parent=1568"}],"curies":[{"name":"wp","href":"https:\/\/api.w.org\/{rel}","templated":true}]}}